{"id":58474,"date":"2023-07-09T08:44:29","date_gmt":"2023-07-09T08:44:29","guid":{"rendered":"https:\/\/global.herzog.ac.il\/?post_type=product&#038;p=58474"},"modified":"2024-01-03T12:35:30","modified_gmt":"2024-01-03T12:35:30","slug":"judeofobia","status":"publish","type":"product","link":"https:\/\/global.herzog.ac.il\/es\/product\/judeofobia\/","title":{"rendered":"La Judeofobia"},"content":{"rendered":"<p>[et_pb_section fb_built=\u00bb1&#8243; _builder_version=\u00bb4.16&#8243; custom_padding=\u00bb0px||||false|false\u00bb global_colors_info=\u00bb{}\u00bb][et_pb_row _builder_version=\u00bb4.16&#8243; background_size=\u00bbinitial\u00bb background_position=\u00bbtop_left\u00bb background_repeat=\u00bbrepeat\u00bb width=\u00bb100%\u00bb custom_padding=\u00bb0px||0px||false|false\u00bb global_colors_info=\u00bb{}\u00bb][et_pb_column type=\u00bb4_4&#8243; _builder_version=\u00bb4.16&#8243; custom_padding=\u00bb|||\u00bb global_colors_info=\u00bb{}\u00bb custom_padding__hover=\u00bb|||\u00bb][et_pb_wc_breadcrumb _builder_version=\u00bb4.16&#8243; global_colors_info=\u00bb{}\u00bb][\/et_pb_wc_breadcrumb][et_pb_wc_cart_notice _builder_version=\u00bb4.16&#8243; global_colors_info=\u00bb{}\u00bb][\/et_pb_wc_cart_notice][\/et_pb_column][\/et_pb_row][et_pb_row column_structure=\u00bb1_2,1_2&#8243; _builder_version=\u00bb4.16&#8243; background_size=\u00bbinitial\u00bb background_position=\u00bbtop_left\u00bb background_repeat=\u00bbrepeat\u00bb width=\u00bb100%\u00bb custom_padding=\u00bb0px||||false|false\u00bb global_colors_info=\u00bb{}\u00bb][et_pb_column type=\u00bb1_2&#8243; _builder_version=\u00bb4.16&#8243; custom_padding=\u00bb|||\u00bb global_colors_info=\u00bb{}\u00bb custom_padding__hover=\u00bb|||\u00bb][et_pb_wc_images _builder_version=\u00bb4.16&#8243; global_colors_info=\u00bb{}\u00bb][\/et_pb_wc_images][\/et_pb_column][et_pb_column type=\u00bb1_2&#8243; _builder_version=\u00bb4.16&#8243; custom_padding=\u00bb|||\u00bb global_colors_info=\u00bb{}\u00bb custom_padding__hover=\u00bb|||\u00bb][et_pb_wc_title _builder_version=\u00bb4.16&#8243; global_colors_info=\u00bb{}\u00bb][\/et_pb_wc_title][et_pb_wc_rating _builder_version=\u00bb4.16&#8243; global_colors_info=\u00bb{}\u00bb][\/et_pb_wc_rating][et_pb_wc_price _builder_version=\u00bb4.16&#8243; global_colors_info=\u00bb{}\u00bb][\/et_pb_wc_price][et_pb_wc_description _builder_version=\u00bb4.16&#8243; global_colors_info=\u00bb{}\u00bb][\/et_pb_wc_description][et_pb_wc_add_to_cart _builder_version=\u00bb4.16&#8243; global_colors_info=\u00bb{}\u00bb][\/et_pb_wc_add_to_cart][et_pb_wc_meta _builder_version=\u00bb4.16&#8243; global_colors_info=\u00bb{}\u00bb][\/et_pb_wc_meta][\/et_pb_column][\/et_pb_row][et_pb_row _builder_version=\u00bb4.16&#8243; background_size=\u00bbinitial\u00bb background_position=\u00bbtop_left\u00bb background_repeat=\u00bbrepeat\u00bb width=\u00bb100%\u00bb global_colors_info=\u00bb{}\u00bb][et_pb_column type=\u00bb4_4&#8243; _builder_version=\u00bb4.16&#8243; custom_padding=\u00bb|||\u00bb global_colors_info=\u00bb{}\u00bb custom_padding__hover=\u00bb|||\u00bb][et_pb_wc_tabs _builder_version=\u00bb4.16&#8243; global_colors_info=\u00bb{}\u00bb] [\/et_pb_wc_tabs][et_pb_wc_upsells _builder_version=\u00bb4.16&#8243; global_colors_info=\u00bb{}\u00bb][\/et_pb_wc_upsells][et_pb_wc_related_products include_categories=\u00bb110&#8243; _builder_version=\u00bb4.21.2&#8243; global_colors_info=\u00bb{}\u00bb][\/et_pb_wc_related_products][\/et_pb_column][\/et_pb_row][\/et_pb_section]<\/p>\n","protected":false},"excerpt":{"rendered":"<p>1 \u2013 La singularidad del fen\u00f3meno: Caracter\u00edsticas de la judeofobia. Diez posibles or\u00edgenes<br \/>\n2 \u2013 Las ra\u00edces cristianas. Las pr\u00e1cticas medievales. El Supersesionismo<br \/>\n3 \u2013 El Medioevo. Las expulsiones y las matanzas. El caso espa\u00f1ol<br \/>\n4 \u2013 Judeofobia y modernidad. Iberoam\u00e9rica. El \u201cSanedr\u00edn\u201d de Napole\u00f3n<br \/>\n5 \u2013 Peculiaridad de la judeofobia europea. Francia y el Caso Dreyfus. Alemania y el paradigma racial<br \/>\n6 \u2013 En torno de la Sho\u00e1. El autoodio jud\u00edo. El Negacionismo<br \/>\n7 \u2013 Los dos mitos del siglo XX. Rusia y el paradigma conspiracional. El antisionismo<br \/>\n8 \u2013 Una perspectiva. Teor\u00edas sobre la judeofobia. Conclusiones<\/p>\n","protected":false},"featured_media":58487,"template":"","meta":{"_acf_changed":false,"_et_pb_use_builder":"on","_et_pb_old_content":"<img class=\"size-full wp-image-58487 alignleft\" src=\"https:\/\/global.herzog.ac.il\/wp-content\/uploads\/2023\/07\/La-Judeofobia.png\" alt=\"La Judeofobia\" width=\"300\" height=\"300\" \/>\r\n1 \u2013 La singularidad del fen\u00f3meno: Caracter\u00edsticas de la judeofobia. Diez posibles or\u00edgenes\r\n2 \u2013 Las ra\u00edces cristianas. Las pr\u00e1cticas medievales. El Supersesionismo\r\n3 \u2013 El Medioevo. Las expulsiones y las matanzas. El caso espa\u00f1ol\r\n4 \u2013 Judeofobia y modernidad. Iberoam\u00e9rica. El \u201cSanedr\u00edn\u201d de Napole\u00f3n\r\n5 \u2013 Peculiaridad de la judeofobia europea. Francia y el Caso Dreyfus. Alemania y el paradigma racial\r\n6 \u2013 En torno de la Sho\u00e1. El autoodio jud\u00edo. El Negacionismo\r\n7 \u2013 Los dos mitos del siglo XX. Rusia y el paradigma conspiracional. El antisionismo\r\n8 \u2013 Una perspectiva. Teor\u00edas sobre la judeofobia. Conclusiones","_et_gb_content_width":"","_monsterinsights_skip_tracking":false,"_monsterinsights_sitenote_active":false,"_monsterinsights_sitenote_note":"","_monsterinsights_sitenote_category":0},"product_brand":[],"product_cat":[91,137],"product_tag":[],"class_list":{"0":"post-58474","1":"product","2":"type-product","3":"status-publish","4":"has-post-thumbnail","6":"product_cat-spanish","7":"product_cat-spanish2024","9":"first","10":"instock","11":"shipping-taxable","12":"product-type-simple"},"acf":[],"yoast_head":"<!-- This site is optimized with the Yoast SEO plugin v27.5 - https:\/\/yoast.com\/product\/yoast-seo-wordpress\/ -->\n<title>La Judeofobia - Herzog College<\/title>\n<meta name=\"description\" content=\"El curso se propone capacitar al docente para entender mejor el fen\u00f3meno de la judeofobia y reconocerlo, e intenta proveerle de algunos instrumentos te\u00f3ricos para encararlo.\" \/>\n<meta name=\"robots\" content=\"index, follow, max-snippet:-1, max-image-preview:large, max-video-preview:-1\" \/>\n<link rel=\"canonical\" href=\"https:\/\/global.herzog.ac.il\/es\/product\/judeofobia\/\" \/>\n<meta property=\"og:locale\" content=\"es_ES\" \/>\n<meta property=\"og:type\" content=\"article\" \/>\n<meta property=\"og:title\" content=\"La Judeofobia - Herzog College\" \/>\n<meta property=\"og:description\" content=\"El curso se propone capacitar al docente para entender mejor el fen\u00f3meno de la judeofobia y reconocerlo, e intenta proveerle de algunos instrumentos te\u00f3ricos para encararlo.\" \/>\n<meta property=\"og:site_name\" content=\"Herzog College\" \/>\n<meta property=\"article:modified_time\" content=\"2024-01-03T12:35:30+00:00\" \/>\n<meta property=\"og:image\" content=\"https:\/\/global.herzog.ac.il\/wp-content\/uploads\/2023\/07\/La-Judeofobia.png\" \/>\n\t<meta property=\"og:image:width\" content=\"300\" \/>\n\t<meta property=\"og:image:height\" content=\"300\" \/>\n\t<meta property=\"og:image:type\" content=\"image\/png\" \/>\n<meta name=\"twitter:card\" content=\"summary_large_image\" \/>\n<meta name=\"twitter:label1\" content=\"Tiempo de lectura\" \/>\n\t<meta name=\"twitter:data1\" content=\"2 minutos\" \/>\n<script type=\"application\/ld+json\" class=\"yoast-schema-graph\">{\"@context\":\"https:\\\/\\\/schema.org\",\"@graph\":[{\"@type\":\"WebPage\",\"@id\":\"https:\\\/\\\/global.herzog.ac.il\\\/es\\\/product\\\/judeofobia\\\/\",\"url\":\"https:\\\/\\\/global.herzog.ac.il\\\/es\\\/product\\\/judeofobia\\\/\",\"name\":\"La Judeofobia - Herzog College\",\"isPartOf\":{\"@id\":\"https:\\\/\\\/global.herzog.ac.il\\\/#website\"},\"primaryImageOfPage\":{\"@id\":\"https:\\\/\\\/global.herzog.ac.il\\\/es\\\/product\\\/judeofobia\\\/#primaryimage\"},\"image\":{\"@id\":\"https:\\\/\\\/global.herzog.ac.il\\\/es\\\/product\\\/judeofobia\\\/#primaryimage\"},\"thumbnailUrl\":\"https:\\\/\\\/global.herzog.ac.il\\\/wp-content\\\/uploads\\\/2023\\\/07\\\/La-Judeofobia.png\",\"datePublished\":\"2023-07-09T08:44:29+00:00\",\"dateModified\":\"2024-01-03T12:35:30+00:00\",\"description\":\"El curso se propone capacitar al docente para entender mejor el fen\u00f3meno de la judeofobia y reconocerlo, e intenta proveerle de algunos instrumentos te\u00f3ricos para encararlo.\",\"breadcrumb\":{\"@id\":\"https:\\\/\\\/global.herzog.ac.il\\\/es\\\/product\\\/judeofobia\\\/#breadcrumb\"},\"inLanguage\":\"es\",\"potentialAction\":[{\"@type\":\"ReadAction\",\"target\":[\"https:\\\/\\\/global.herzog.ac.il\\\/es\\\/product\\\/judeofobia\\\/\"]}]},{\"@type\":\"ImageObject\",\"inLanguage\":\"es\",\"@id\":\"https:\\\/\\\/global.herzog.ac.il\\\/es\\\/product\\\/judeofobia\\\/#primaryimage\",\"url\":\"https:\\\/\\\/global.herzog.ac.il\\\/wp-content\\\/uploads\\\/2023\\\/07\\\/La-Judeofobia.png\",\"contentUrl\":\"https:\\\/\\\/global.herzog.ac.il\\\/wp-content\\\/uploads\\\/2023\\\/07\\\/La-Judeofobia.png\",\"width\":300,\"height\":300,\"caption\":\"La Judeofobia\"},{\"@type\":\"BreadcrumbList\",\"@id\":\"https:\\\/\\\/global.herzog.ac.il\\\/es\\\/product\\\/judeofobia\\\/#breadcrumb\",\"itemListElement\":[{\"@type\":\"ListItem\",\"position\":1,\"name\":\"Home\",\"item\":\"https:\\\/\\\/global.herzog.ac.il\\\/\"},{\"@type\":\"ListItem\",\"position\":2,\"name\":\"Recursos digitales\",\"item\":\"https:\\\/\\\/global.herzog.ac.il\\\/es\\\/recursos-educativos\\\/\"},{\"@type\":\"ListItem\",\"position\":3,\"name\":\"La Judeofobia\"}]},{\"@type\":\"WebSite\",\"@id\":\"https:\\\/\\\/global.herzog.ac.il\\\/#website\",\"url\":\"https:\\\/\\\/global.herzog.ac.il\\\/\",\"name\":\"Herzog College\",\"description\":\"Empowering Jewish Education\",\"publisher\":{\"@id\":\"https:\\\/\\\/global.herzog.ac.il\\\/#organization\"},\"potentialAction\":[{\"@type\":\"SearchAction\",\"target\":{\"@type\":\"EntryPoint\",\"urlTemplate\":\"https:\\\/\\\/global.herzog.ac.il\\\/?s={search_term_string}\"},\"query-input\":{\"@type\":\"PropertyValueSpecification\",\"valueRequired\":true,\"valueName\":\"search_term_string\"}}],\"inLanguage\":\"es\"},{\"@type\":\"Organization\",\"@id\":\"https:\\\/\\\/global.herzog.ac.il\\\/#organization\",\"name\":\"Herzog College Global Courses\",\"url\":\"https:\\\/\\\/global.herzog.ac.il\\\/\",\"logo\":{\"@type\":\"ImageObject\",\"inLanguage\":\"es\",\"@id\":\"https:\\\/\\\/global.herzog.ac.il\\\/#\\\/schema\\\/logo\\\/image\\\/\",\"url\":\"https:\\\/\\\/global.herzog.ac.il\\\/wp-content\\\/uploads\\\/2021\\\/12\\\/logo-herzog-bg.jpg\",\"contentUrl\":\"https:\\\/\\\/global.herzog.ac.il\\\/wp-content\\\/uploads\\\/2021\\\/12\\\/logo-herzog-bg.jpg\",\"width\":410,\"height\":110,\"caption\":\"Herzog College Global Courses\"},\"image\":{\"@id\":\"https:\\\/\\\/global.herzog.ac.il\\\/#\\\/schema\\\/logo\\\/image\\\/\"}}]}<\/script>\n<!-- \/ Yoast SEO plugin. -->","yoast_head_json":{"title":"La Judeofobia - Herzog College","description":"El curso se propone capacitar al docente para entender mejor el fen\u00f3meno de la judeofobia y reconocerlo, e intenta proveerle de algunos instrumentos te\u00f3ricos para encararlo.","robots":{"index":"index","follow":"follow","max-snippet":"max-snippet:-1","max-image-preview":"max-image-preview:large","max-video-preview":"max-video-preview:-1"},"canonical":"https:\/\/global.herzog.ac.il\/es\/product\/judeofobia\/","og_locale":"es_ES","og_type":"article","og_title":"La Judeofobia - Herzog College","og_description":"El curso se propone capacitar al docente para entender mejor el fen\u00f3meno de la judeofobia y reconocerlo, e intenta proveerle de algunos instrumentos te\u00f3ricos para encararlo.","og_site_name":"Herzog College","article_modified_time":"2024-01-03T12:35:30+00:00","og_image":[{"width":300,"height":300,"url":"https:\/\/global.herzog.ac.il\/wp-content\/uploads\/2023\/07\/La-Judeofobia.png","type":"image\/png"}],"twitter_card":"summary_large_image","twitter_misc":{"Tiempo de lectura":"2 minutos"},"schema":{"@context":"https:\/\/schema.org","@graph":[{"@type":"WebPage","@id":"https:\/\/global.herzog.ac.il\/es\/product\/judeofobia\/","url":"https:\/\/global.herzog.ac.il\/es\/product\/judeofobia\/","name":"La Judeofobia - Herzog College","isPartOf":{"@id":"https:\/\/global.herzog.ac.il\/#website"},"primaryImageOfPage":{"@id":"https:\/\/global.herzog.ac.il\/es\/product\/judeofobia\/#primaryimage"},"image":{"@id":"https:\/\/global.herzog.ac.il\/es\/product\/judeofobia\/#primaryimage"},"thumbnailUrl":"https:\/\/global.herzog.ac.il\/wp-content\/uploads\/2023\/07\/La-Judeofobia.png","datePublished":"2023-07-09T08:44:29+00:00","dateModified":"2024-01-03T12:35:30+00:00","description":"El curso se propone capacitar al docente para entender mejor el fen\u00f3meno de la judeofobia y reconocerlo, e intenta proveerle de algunos instrumentos te\u00f3ricos para encararlo.","breadcrumb":{"@id":"https:\/\/global.herzog.ac.il\/es\/product\/judeofobia\/#breadcrumb"},"inLanguage":"es","potentialAction":[{"@type":"ReadAction","target":["https:\/\/global.herzog.ac.il\/es\/product\/judeofobia\/"]}]},{"@type":"ImageObject","inLanguage":"es","@id":"https:\/\/global.herzog.ac.il\/es\/product\/judeofobia\/#primaryimage","url":"https:\/\/global.herzog.ac.il\/wp-content\/uploads\/2023\/07\/La-Judeofobia.png","contentUrl":"https:\/\/global.herzog.ac.il\/wp-content\/uploads\/2023\/07\/La-Judeofobia.png","width":300,"height":300,"caption":"La Judeofobia"},{"@type":"BreadcrumbList","@id":"https:\/\/global.herzog.ac.il\/es\/product\/judeofobia\/#breadcrumb","itemListElement":[{"@type":"ListItem","position":1,"name":"Home","item":"https:\/\/global.herzog.ac.il\/"},{"@type":"ListItem","position":2,"name":"Recursos digitales","item":"https:\/\/global.herzog.ac.il\/es\/recursos-educativos\/"},{"@type":"ListItem","position":3,"name":"La Judeofobia"}]},{"@type":"WebSite","@id":"https:\/\/global.herzog.ac.il\/#website","url":"https:\/\/global.herzog.ac.il\/","name":"Herzog College","description":"Empowering Jewish Education","publisher":{"@id":"https:\/\/global.herzog.ac.il\/#organization"},"potentialAction":[{"@type":"SearchAction","target":{"@type":"EntryPoint","urlTemplate":"https:\/\/global.herzog.ac.il\/?s={search_term_string}"},"query-input":{"@type":"PropertyValueSpecification","valueRequired":true,"valueName":"search_term_string"}}],"inLanguage":"es"},{"@type":"Organization","@id":"https:\/\/global.herzog.ac.il\/#organization","name":"Herzog College Global Courses","url":"https:\/\/global.herzog.ac.il\/","logo":{"@type":"ImageObject","inLanguage":"es","@id":"https:\/\/global.herzog.ac.il\/#\/schema\/logo\/image\/","url":"https:\/\/global.herzog.ac.il\/wp-content\/uploads\/2021\/12\/logo-herzog-bg.jpg","contentUrl":"https:\/\/global.herzog.ac.il\/wp-content\/uploads\/2021\/12\/logo-herzog-bg.jpg","width":410,"height":110,"caption":"Herzog College Global Courses"},"image":{"@id":"https:\/\/global.herzog.ac.il\/#\/schema\/logo\/image\/"}}]}},"thumbnail":"https:\/\/global.herzog.ac.il\/wp-content\/uploads\/2023\/07\/La-Judeofobia.png","price_html":"","on_sale":false,"stock_status":"instock","rating_html":"","rating_count":0,"_links":{"self":[{"href":"https:\/\/global.herzog.ac.il\/es\/wp-json\/wp\/v2\/product\/58474","targetHints":{"allow":["GET"]}}],"collection":[{"href":"https:\/\/global.herzog.ac.il\/es\/wp-json\/wp\/v2\/product"}],"about":[{"href":"https:\/\/global.herzog.ac.il\/es\/wp-json\/wp\/v2\/types\/product"}],"wp:featuredmedia":[{"embeddable":true,"href":"https:\/\/global.herzog.ac.il\/es\/wp-json\/wp\/v2\/media\/58487"}],"wp:attachment":[{"href":"https:\/\/global.herzog.ac.il\/es\/wp-json\/wp\/v2\/media?parent=58474"}],"wp:term":[{"taxonomy":"product_brand","embeddable":true,"href":"https:\/\/global.herzog.ac.il\/es\/wp-json\/wp\/v2\/product_brand?post=58474"},{"taxonomy":"product_cat","embeddable":true,"href":"https:\/\/global.herzog.ac.il\/es\/wp-json\/wp\/v2\/product_cat?post=58474"},{"taxonomy":"product_tag","embeddable":true,"href":"https:\/\/global.herzog.ac.il\/es\/wp-json\/wp\/v2\/product_tag?post=58474"}],"curies":[{"name":"wp","href":"https:\/\/api.w.org\/{rel}","templated":true}]}}